{"id":2879,"date":"2025-05-10T11:45:46","date_gmt":"2025-05-10T09:45:46","guid":{"rendered":"https:\/\/sibenikdancefestival.com\/contact\/"},"modified":"2026-04-30T08:10:14","modified_gmt":"2026-04-30T06:10:14","slug":"kontakt","status":"publish","type":"page","link":"https:\/\/sibenikdancefestival.com\/hr\/kontakt\/","title":{"rendered":"Kontakt"},"content":{"rendered":"\t\t<div data-elementor-type=\"wp-page\" data-elementor-id=\"2879\" class=\"elementor elementor-2879 elementor-523\">\n\t\t\t\t<div class=\"elementor-element elementor-element-a6dd8b5 wd-section-stretch-content color-scheme-light e-con-full e-flex e-con e-parent\" data-id=\"a6dd8b5\" data-element_type=\"container\" data-e-type=\"container\" data-settings=\"{&quot;background_background&quot;:&quot;classic&quot;}\">\n\t\t<div class=\"elementor-element elementor-element-6b6d37f e-con-full e-flex e-con e-child\" data-id=\"6b6d37f\" data-element_type=\"container\" data-e-type=\"container\">\n\t\t<div class=\"elementor-element elementor-element-20d9f9e e-con-full e-flex e-con e-child\" data-id=\"20d9f9e\" data-element_type=\"container\" data-e-type=\"container\">\n\t\t\t\t<div class=\"elementor-element elementor-element-5ae78a8 wd-width-100 elementor-widget elementor-widget-wd_title\" data-id=\"5ae78a8\" data-element_type=\"widget\" data-e-type=\"widget\" data-widget_type=\"wd_title.default\">\n\t\t\t\t<div class=\"elementor-widget-container\">\n\t\t\t\t\t\t\t<div class=\"title-wrapper wd-set-mb reset-last-child wd-title-color-default wd-title-style-default wd-title-size-extra-large text-center\">\n\n\t\t\t\n\t\t\t<div class=\"liner-continer\">\n\t\t\t\t<h4 class=\"woodmart-title-container title wd-fontsize-xxxl\">KONTAKT<\/h4> \n\t\t\t\t\t\t\t<\/div>\n\n\t\t\t\t\t<\/div>\n\t\t\t\t\t\t<\/div>\n\t\t\t\t<\/div>\n\t\t\t\t<\/div>\n\t\t\t\t<\/div>\n\t\t\t\t<\/div>\n\t\t<div class=\"wd-negative-gap elementor-element elementor-element-52375e3 wd-section-stretch color-scheme-light e-flex e-con-boxed e-con e-parent\" data-id=\"52375e3\" data-element_type=\"container\" data-e-type=\"container\" data-settings=\"{&quot;background_background&quot;:&quot;gradient&quot;}\">\n\t\t\t\t\t<div class=\"e-con-inner\">\n\t\t<div class=\"elementor-element elementor-element-231a28f e-con-full e-flex e-con e-child\" data-id=\"231a28f\" data-element_type=\"container\" data-e-type=\"container\">\n\t\t\t\t<div class=\"elementor-element elementor-element-05f11b4 wd-width-100 elementor-widget elementor-widget-wd_title\" data-id=\"05f11b4\" data-element_type=\"widget\" data-e-type=\"widget\" data-widget_type=\"wd_title.default\">\n\t\t\t\t<div class=\"elementor-widget-container\">\n\t\t\t\t\t\t\t<div class=\"title-wrapper wd-set-mb reset-last-child wd-title-color-default wd-title-style-default wd-title-size-extra-large text-left\">\n\n\t\t\t\n\t\t\t<div class=\"liner-continer\">\n\t\t\t\t<h4 class=\"woodmart-title-container title wd-fontsize-xxxl\">Pridru\u017eite nam se na \u0160ibenskom festivalu plesa!<\/h4> \n\t\t\t\t\t\t\t<\/div>\n\n\t\t\t\t\t<\/div>\n\t\t\t\t\t\t<\/div>\n\t\t\t\t<\/div>\n\t\t\t\t<\/div>\n\t\t<div class=\"elementor-element elementor-element-867337a e-con-full e-flex e-con e-child\" data-id=\"867337a\" data-element_type=\"container\" data-e-type=\"container\">\n\t\t\t\t<div class=\"elementor-element elementor-element-f1d3674 color-scheme-inherit text-left elementor-widget elementor-widget-text-editor\" data-id=\"f1d3674\" data-element_type=\"widget\" data-e-type=\"widget\" data-widget_type=\"text-editor.default\">\n\t\t\t\t<div class=\"elementor-widget-container\">\n\t\t\t\t\t\t\t\t\t<p>Bilo da ste umjetnik s projektom koji \u017eelite podijeliti, novinar koji tra\u017ei informacije, sponzor koji \u017eeli sura\u0111ivati ili posjetitelj s pitanjima \u2014 drago nam je \u010duti od vas!<\/p><h3>Sjedi\u0161te festivala<\/h3><p><strong>Plesni teatar SJENE<\/strong><\/p><p>Zdravka Bege 21<\/p><p>22000 \u0160ibenik, HRVATSKA<\/p><p>OIB: 10336780488<\/p><p>Op\u0107i upiti: info@sibenikdancefestival.com | +385 91 893 6193<\/p><h3>Umjetni\u010dko vodstvo<\/h3><p>Za programiranje, prijedloge umjetnika i umjetni\u010dke suradnje:<\/p><p><strong>Zorana Mihel\u010di\u0107, direktorica festivala<\/strong><\/p><p>info@sjene.hr<\/p><h3>Marketing i komunikacije<\/h3><p>Za sponzorstva, suradnje s brendovima i partnerske prilike:<\/p><p><strong>Sasha Ergi\u0107, Marketing i digitalna strategija<\/strong><\/p><p>info@sibenikdancefestival.com<\/p><h3>Odnosi s tiskom i medijima<\/h3><p>Za priop\u0107enja za tisak, intervjue i medijske upite:<\/p><p>info@sibenikdancefestival.com<\/p><h3>Tehni\u010dka koordinacija<\/h3><p>Za tehni\u010dke ridere, opremu i logistiku prostora:<\/p><p><strong>Frane Celi\u0107, voditelj tehni\u010dke produkcije<\/strong><\/p><p>info@sibenikdancefestival.com<\/p><h3>Sponzorstvo i donacije<\/h3><p>Za sponzoriranje festivala ili podr\u0161ku na\u0161oj misiji putem donacija, obratite se na\u0161em timu na info@sibenikdancefestival.com<\/p><h3>Po\u0161aljite prijedlog<\/h3><p>Jeste li izvo\u0111a\u010d, koreograf ili kompanija zainteresirani za sudjelovanje na sljede\u0107em SDF-u? Po\u0161aljite svoje radove na info@sibenikdancefestival.com s prijedlogom, tehni\u010dkim riderom i video linkovima.<\/p><h3><strong>Zajedno stvaramo magiju!<\/strong><\/h3>\t\t\t\t\t\t\t\t<\/div>\n\t\t\t\t<\/div>\n\t\t<div class=\"elementor-element elementor-element-f1abf54 e-con-full e-flex e-con e-child\" data-id=\"f1abf54\" data-element_type=\"container\" data-e-type=\"container\">\n\t\t\t\t<div class=\"elementor-element elementor-element-2f687ef elementor-widget__width-initial elementor-widget elementor-widget-wd_button\" data-id=\"2f687ef\" data-element_type=\"widget\" data-e-type=\"widget\" data-widget_type=\"wd_button.default\">\n\t\t\t\t<div class=\"elementor-widget-container\">\n\t\t\t\t\t\t\t<div class=\"wd-button-wrapper text-left\" >\n\t\t\t<a class=\"btn btn-style-default btn-shape-rectangle btn-size-large btn-color-white btn-full-width btn-icon-pos-right\"  href=\"\/hr\/program-2025\/\">\n\t\t\t\t<span class=\"wd-btn-text\" data-elementor-setting-key=\"text\">\n\t\t\t\t\tProgram 2025\t\t\t\t<\/span>\n\n\t\t\t\t\t\t\t<\/a>\n\t\t<\/div>\n\t\t\t\t\t\t<\/div>\n\t\t\t\t<\/div>\n\t\t\t\t<div class=\"elementor-element elementor-element-396cc5c elementor-widget__width-initial elementor-widget elementor-widget-wd_button\" data-id=\"396cc5c\" data-element_type=\"widget\" data-e-type=\"widget\" data-widget_type=\"wd_button.default\">\n\t\t\t\t<div class=\"elementor-widget-container\">\n\t\t\t\t\t\t\t<div class=\"wd-button-wrapper text-left\" >\n\t\t\t<a class=\"btn btn-style-bordered btn-shape-rectangle btn-size-large btn-full-width btn-icon-pos-right\"  href=\"#\">\n\t\t\t\t<span class=\"wd-btn-text\" data-elementor-setting-key=\"text\">\n\t\t\t\t\tKupi karte\t\t\t\t<\/span>\n\n\t\t\t\t\t\t\t<\/a>\n\t\t<\/div>\n\t\t\t\t\t\t<\/div>\n\t\t\t\t<\/div>\n\t\t\t\t<\/div>\n\t\t\t\t<\/div>\n\t\t\t\t\t<\/div>\n\t\t\t\t<\/div>\n\t\t\t\t<\/div>\n\t\t","protected":false},"excerpt":{"rendered":"<p>KONTAKT Pridru\u017eite nam se na \u0160ibenskom festivalu plesa! Bilo da ste umjetnik s projektom koji \u017eelite podijeliti, novinar koji tra\u017ei<\/p>\n","protected":false},"author":1,"featured_media":0,"parent":0,"menu_order":0,"comment_status":"closed","ping_status":"closed","template":"","meta":{"footnotes":""},"class_list":["post-2879","page","type-page","status-publish","hentry"],"_links":{"self":[{"href":"https:\/\/sibenikdancefestival.com\/hr\/wp-json\/wp\/v2\/pages\/2879","targetHints":{"allow":["GET"]}}],"collection":[{"href":"https:\/\/sibenikdancefestival.com\/hr\/wp-json\/wp\/v2\/pages"}],"about":[{"href":"https:\/\/sibenikdancefestival.com\/hr\/wp-json\/wp\/v2\/types\/page"}],"author":[{"embeddable":true,"href":"https:\/\/sibenikdancefestival.com\/hr\/wp-json\/wp\/v2\/users\/1"}],"replies":[{"embeddable":true,"href":"https:\/\/sibenikdancefestival.com\/hr\/wp-json\/wp\/v2\/comments?post=2879"}],"version-history":[{"count":4,"href":"https:\/\/sibenikdancefestival.com\/hr\/wp-json\/wp\/v2\/pages\/2879\/revisions"}],"predecessor-version":[{"id":3128,"href":"https:\/\/sibenikdancefestival.com\/hr\/wp-json\/wp\/v2\/pages\/2879\/revisions\/3128"}],"wp:attachment":[{"href":"https:\/\/sibenikdancefestival.com\/hr\/wp-json\/wp\/v2\/media?parent=2879"}],"curies":[{"name":"wp","href":"https:\/\/api.w.org\/{rel}","templated":true}]}}