{"id":2886,"date":"2025-05-10T09:15:21","date_gmt":"2025-05-10T07:15:21","guid":{"rendered":"https:\/\/sibenikdancefestival.com\/venues\/"},"modified":"2026-04-30T08:07:23","modified_gmt":"2026-04-30T06:07:23","slug":"venues","status":"publish","type":"page","link":"https:\/\/sibenikdancefestival.com\/hr\/venues\/","title":{"rendered":"Lokacije"},"content":{"rendered":"\t\t<div data-elementor-type=\"wp-page\" data-elementor-id=\"2886\" class=\"elementor elementor-2886 elementor-369\">\n\t\t\t\t<div class=\"wd-negative-gap elementor-element elementor-element-fa46794 wd-section-stretch-content color-scheme-light e-flex e-con-boxed e-con e-parent\" data-id=\"fa46794\" data-element_type=\"container\" data-e-type=\"container\" data-settings=\"{&quot;background_background&quot;:&quot;video&quot;,&quot;background_play_on_mobile&quot;:&quot;yes&quot;,&quot;background_video_link&quot;:&quot;https:\\\/\\\/vimeo.com\\\/1070088199\\\/29c6a1864e&quot;}\">\n\t\t\t\t\t<div class=\"e-con-inner\">\n\t\t<div class=\"elementor-background-video-container\">\n\t\t\t\t\t\t\t<div class=\"elementor-background-video-embed\" role=\"presentation\"><\/div>\n\t\t\t\t\t\t<\/div><div class=\"elementor-element elementor-element-a08e365 e-con-full e-flex e-con e-child\" data-id=\"a08e365\" data-element_type=\"container\" data-e-type=\"container\">\n\t\t<div class=\"elementor-element elementor-element-dce1ab0 e-con-full e-flex e-con e-child\" data-id=\"dce1ab0\" data-element_type=\"container\" data-e-type=\"container\">\n\t\t\t\t<div class=\"elementor-element elementor-element-d1088b5 wd-width-100 elementor-widget elementor-widget-wd_title\" data-id=\"d1088b5\" data-element_type=\"widget\" data-e-type=\"widget\" data-widget_type=\"wd_title.default\">\n\t\t\t\t<div class=\"elementor-widget-container\">\n\t\t\t\t\t\t\t<div class=\"title-wrapper wd-set-mb reset-last-child wd-title-color-default wd-title-style-default wd-title-size-extra-large text-center\">\n\n\t\t\t\n\t\t\t<div class=\"liner-continer\">\n\t\t\t\t<h4 class=\"woodmart-title-container title wd-fontsize-xxxl\">LOKACIJE<\/h4> \n\t\t\t\t\t\t\t<\/div>\n\n\t\t\t\t\t<\/div>\n\t\t\t\t\t\t<\/div>\n\t\t\t\t<\/div>\n\t\t\t\t<\/div>\n\t\t\t\t<\/div>\n\t\t\t\t\t<\/div>\n\t\t\t\t<\/div>\n\t\t<div class=\"wd-negative-gap elementor-element elementor-element-6f61678 wd-section-stretch color-scheme-light e-flex e-con-boxed e-con e-parent\" data-id=\"6f61678\" data-element_type=\"container\" data-e-type=\"container\" data-settings=\"{&quot;background_background&quot;:&quot;gradient&quot;}\">\n\t\t\t\t\t<div class=\"e-con-inner\">\n\t\t\t\t<div class=\"elementor-element elementor-element-b13d283 text-center color-scheme-inherit elementor-widget elementor-widget-text-editor\" data-id=\"b13d283\" data-element_type=\"widget\" data-e-type=\"widget\" data-widget_type=\"text-editor.default\">\n\t\t\t\t<div class=\"elementor-widget-container\">\n\t\t\t\t\t\t\t\t\t<p>\u0160ibenski festival plesa nudi izvanrednu mje\u0161avinu povijesnog \u0161arma i umjetni\u010dke inovacije, ugo\u0161\u0107uju\u0107i nastupe na nekim od najprepoznatljivijih i najjedninstvenijih gradskih prostora. Svaka lokacija pru\u017ea zadivljuju\u0107e okru\u017eenje koje poja\u010dava magiju plesa, \u010dine\u0107i svaki nastup nezaboravnim iskustvom.<\/p>\t\t\t\t\t\t\t\t<\/div>\n\t\t\t\t<\/div>\n\t\t<div class=\"elementor-element elementor-element-021040f e-con-full e-flex e-con e-child\" data-id=\"021040f\" data-element_type=\"container\" data-e-type=\"container\" id=\"summer\">\n\t\t<div class=\"elementor-element elementor-element-6adec8f e-con-full e-flex e-con e-child\" data-id=\"6adec8f\" data-element_type=\"container\" data-e-type=\"container\">\n\t\t\t\t<div class=\"elementor-element elementor-element-6dbe0bf wd-width-100 elementor-widget elementor-widget-wd_title\" data-id=\"6dbe0bf\" data-element_type=\"widget\" data-e-type=\"widget\" data-widget_type=\"wd_title.default\">\n\t\t\t\t<div class=\"elementor-widget-container\">\n\t\t\t\t\t\t\t<div class=\"title-wrapper wd-set-mb reset-last-child wd-title-color-default wd-title-style-default wd-title-size-extra-large text-left\">\n\n\t\t\t\n\t\t\t<div class=\"liner-continer\">\n\t\t\t\t<h4 class=\"woodmart-title-container title wd-fontsize-xxxl\">Tvr\u0111ava sv. Mihovila<\/h4> \n\t\t\t\t\t\t\t<\/div>\n\n\t\t\t\t\t<\/div>\n\t\t\t\t\t\t<\/div>\n\t\t\t\t<\/div>\n\t\t\t\t<div class=\"elementor-element elementor-element-9d4fcd1 color-scheme-inherit text-left elementor-widget elementor-widget-text-editor\" data-id=\"9d4fcd1\" data-element_type=\"widget\" data-e-type=\"widget\" data-widget_type=\"text-editor.default\">\n\t\t\t\t<div class=\"elementor-widget-container\">\n\t\t\t\t\t\t\t\t\t<p>Veli\u010danstvena srednjovjekovna tvr\u0111ava, Tvr\u0111ava sv. Mihovila ima amfiteatar na otvorenom s 1.100 mjesta. Smje\u0161tena visoko iznad \u0160ibenika, pru\u017ea zadivljuju\u0107e pogled i slu\u017ei kao grandiozno sredi\u0161te za najimpresivnije nastupe festivala.<\/p>\t\t\t\t\t\t\t\t<\/div>\n\t\t\t\t<\/div>\n\t\t\t\t<div class=\"elementor-element elementor-element-26bb770 elementor-widget elementor-widget-wd_button\" data-id=\"26bb770\" data-element_type=\"widget\" data-e-type=\"widget\" data-widget_type=\"wd_button.default\">\n\t\t\t\t<div class=\"elementor-widget-container\">\n\t\t\t\t\t\t\t<div class=\"wd-button-wrapper text-left\" >\n\t\t\t<a class=\"btn btn-style-default btn-shape-rectangle btn-size-default btn-icon-pos-right\"  href=\"https:\/\/www.tvrdjava-kulture.hr\/en\/st-michaels-fortress\/plan-your-visit\/\" target=\"_blank\">\n\t\t\t\t<span class=\"wd-btn-text\" data-elementor-setting-key=\"text\">\n\t\t\t\t\tSaznaj vi\u0161e\t\t\t\t<\/span>\n\n\t\t\t\t\t\t\t<\/a>\n\t\t<\/div>\n\t\t\t\t\t\t<\/div>\n\t\t\t\t<\/div>\n\t\t\t\t<\/div>\n\t\t<div class=\"elementor-element elementor-element-0a5d594 e-con-full e-flex e-con e-child\" data-id=\"0a5d594\" data-element_type=\"container\" data-e-type=\"container\">\n\t\t\t\t<div class=\"elementor-element elementor-element-aeb2f9f wd-width-100 elementor-widget elementor-widget-wd_images_gallery\" data-id=\"aeb2f9f\" data-element_type=\"widget\" data-e-type=\"widget\" data-widget_type=\"wd_images_gallery.default\">\n\t\t\t\t<div class=\"elementor-widget-container\">\n\t\t\t\t\t\t\t<div class=\"wd-images-gallery wd-carousel-container\" style=\"--wd-align-items:center; --wd-justify-content:center;\">\n\t\t\t\t\t\t\t<div class=\"wd-carousel-inner\">\n\t\t\t\t\t\t<div class=\"wd-carousel wd-grid\" data-wrap=\"yes\" data-center_mode=\"yes\" style=\"--wd-col-lg:1;--wd-col-md:1;--wd-col-sm:1;--wd-gap-lg:10px;\">\n\t\t\t\t\t\t\t\t\t<div class=\"wd-carousel-wrap\">\n\t\t\t\t\t\t\t\t\t\t\t\t\t\t\t\t\t\t<div class=\"wd-gallery-item wd-carousel-item\">\n\t\t\t\t\t\t\t\t\t\t\t\t\t<a  href=\"https:\/\/www.tvrdjava-kulture.hr\/en\/st-michaels-fortress\/plan-your-visit\/\" data-width=\"2048\" data-height=\"1151\" data-index=\"0\" data-elementor-open-lightbox=\"no\" target=\"_blank\">\n\t\t\t\t\t\t\n\t\t\t\t\t\t<img fetchpriority=\"high\" decoding=\"async\" width=\"600\" height=\"450\" src=\"https:\/\/sibenikdancefestival.com\/wp-content\/uploads\/2025\/05\/Mihovil-4-600x450.jpg\" class=\"attachment-600x450 size-600x450\" alt=\"Mihovil 4\" \/>\n\t\t\t\t\t\t\t\t\t\t\t\t\t<\/a>\n\t\t\t\t\t\t\t\t\t\t\t<\/div>\n\t\t\t\t\t\t\t\t\t\t\t\t\t\t\t<div class=\"wd-gallery-item wd-carousel-item\">\n\t\t\t\t\t\t\t\t\t\t\t\t\t<a  href=\"https:\/\/www.tvrdjava-kulture.hr\/en\/st-michaels-fortress\/plan-your-visit\/\" data-width=\"2048\" data-height=\"1362\" data-index=\"1\" data-elementor-open-lightbox=\"no\" target=\"_blank\">\n\t\t\t\t\t\t\n\t\t\t\t\t\t<img decoding=\"async\" width=\"600\" height=\"450\" src=\"https:\/\/sibenikdancefestival.com\/wp-content\/uploads\/2025\/05\/Mihovil-1-600x450.jpg\" class=\"attachment-600x450 size-600x450\" alt=\"Mihovil 1\" \/>\n\t\t\t\t\t\t\t\t\t\t\t\t\t<\/a>\n\t\t\t\t\t\t\t\t\t\t\t<\/div>\n\t\t\t\t\t\t\t\t\t\t\t\t\t\t\t<div class=\"wd-gallery-item wd-carousel-item\">\n\t\t\t\t\t\t\t\t\t\t\t\t\t<a  data-width=\"1875\" data-height=\"1054\" data-index=\"2\" data-elementor-open-lightbox=\"no\" target=\"_blank\">\n\t\t\t\t\t\t\n\t\t\t\t\t\t<img decoding=\"async\" width=\"600\" height=\"450\" src=\"https:\/\/sibenikdancefestival.com\/wp-content\/uploads\/2025\/05\/Mihovil-6-600x450.jpg\" class=\"attachment-600x450 size-600x450\" alt=\"Mihovil 6\" \/>\n\t\t\t\t\t\t\t\t\t\t\t\t\t<\/a>\n\t\t\t\t\t\t\t\t\t\t\t<\/div>\n\t\t\t\t\t\t\t\t\t\t\t\t\t\t\t<div class=\"wd-gallery-item wd-carousel-item\">\n\t\t\t\t\t\t\t\t\t\t\t\t\t<a  data-width=\"2048\" data-height=\"1151\" data-index=\"3\" data-elementor-open-lightbox=\"no\" target=\"_blank\">\n\t\t\t\t\t\t\n\t\t\t\t\t\t<img loading=\"lazy\" decoding=\"async\" width=\"600\" height=\"450\" src=\"https:\/\/sibenikdancefestival.com\/wp-content\/uploads\/2025\/05\/Mihovil-8-600x450.jpg\" class=\"attachment-600x450 size-600x450\" alt=\"Mihovil 8\" \/>\n\t\t\t\t\t\t\t\t\t\t\t\t\t<\/a>\n\t\t\t\t\t\t\t\t\t\t\t<\/div>\n\t\t\t\t\t\t\t\t\t\t\t\t\t\t\t<div class=\"wd-gallery-item wd-carousel-item\">\n\t\t\t\t\t\t\t\t\t\t\t\t\t<a  data-width=\"2048\" data-height=\"1366\" data-index=\"4\" data-elementor-open-lightbox=\"no\" target=\"_blank\">\n\t\t\t\t\t\t\n\t\t\t\t\t\t<img loading=\"lazy\" decoding=\"async\" width=\"600\" height=\"450\" src=\"https:\/\/sibenikdancefestival.com\/wp-content\/uploads\/2025\/05\/Mihovil-5-600x450.jpg\" class=\"attachment-600x450 size-600x450\" alt=\"Mihovil 5\" \/>\n\t\t\t\t\t\t\t\t\t\t\t\t\t<\/a>\n\t\t\t\t\t\t\t\t\t\t\t<\/div>\n\t\t\t\t\t\t\t\t\t\t\t\t\t\t\t<div class=\"wd-gallery-item wd-carousel-item\">\n\t\t\t\t\t\t\t\t\t\t\t\t\t<a  data-width=\"800\" data-height=\"533\" data-index=\"5\" data-elementor-open-lightbox=\"no\" target=\"_blank\">\n\t\t\t\t\t\t\n\t\t\t\t\t\t<img loading=\"lazy\" decoding=\"async\" width=\"600\" height=\"450\" src=\"https:\/\/sibenikdancefestival.com\/wp-content\/uploads\/2025\/05\/3-2-600x450.png\" class=\"attachment-600x450 size-600x450\" alt=\"3-2\" \/>\n\t\t\t\t\t\t\t\t\t\t\t\t\t<\/a>\n\t\t\t\t\t\t\t\t\t\t\t<\/div>\n\t\t\t\t\t\t\t\t\t\t\t\t\t\t\t<div class=\"wd-gallery-item wd-carousel-item\">\n\t\t\t\t\t\t\t\t\t\t\t\t\t<a  data-width=\"2048\" data-height=\"1151\" data-index=\"6\" data-elementor-open-lightbox=\"no\" target=\"_blank\">\n\t\t\t\t\t\t\n\t\t\t\t\t\t<img loading=\"lazy\" decoding=\"async\" width=\"600\" height=\"450\" src=\"https:\/\/sibenikdancefestival.com\/wp-content\/uploads\/2025\/05\/Mihovil-7-600x450.jpg\" class=\"attachment-600x450 size-600x450\" alt=\"Mihovil 7\" \/>\n\t\t\t\t\t\t\t\t\t\t\t\t\t<\/a>\n\t\t\t\t\t\t\t\t\t\t\t<\/div>\n\t\t\t\t\t\t\t\t\t\t\t\t\t\t\t<div class=\"wd-gallery-item wd-carousel-item\">\n\t\t\t\t\t\t\t\t\t\t\t\t\t<a  data-width=\"2048\" data-height=\"1333\" data-index=\"7\" data-elementor-open-lightbox=\"no\" target=\"_blank\">\n\t\t\t\t\t\t\n\t\t\t\t\t\t<img loading=\"lazy\" decoding=\"async\" width=\"600\" height=\"450\" src=\"https:\/\/sibenikdancefestival.com\/wp-content\/uploads\/2025\/05\/Mihovil-9-600x450.jpg\" class=\"attachment-600x450 size-600x450\" alt=\"Mihovil 9\" \/>\n\t\t\t\t\t\t\t\t\t\t\t\t\t<\/a>\n\t\t\t\t\t\t\t\t\t\t\t<\/div>\n\t\t\t\t\t\t\t\t\t\t\t\t\t\t\t<div class=\"wd-gallery-item wd-carousel-item\">\n\t\t\t\t\t\t\t\t\t\t\t\t\t<a  data-width=\"2048\" data-height=\"1362\" data-index=\"8\" data-elementor-open-lightbox=\"no\" target=\"_blank\">\n\t\t\t\t\t\t\n\t\t\t\t\t\t<img loading=\"lazy\" decoding=\"async\" width=\"600\" height=\"450\" src=\"https:\/\/sibenikdancefestival.com\/wp-content\/uploads\/2025\/05\/Mihovil-3-600x450.jpg\" class=\"attachment-600x450 size-600x450\" alt=\"Mihovil 3\" \/>\n\t\t\t\t\t\t\t\t\t\t\t\t\t<\/a>\n\t\t\t\t\t\t\t\t\t\t\t<\/div>\n\t\t\t\t\t\t\t\t\t\t\t\t\t\t\t\t<\/div>\n\t\t\t\t\t\t\t\t<\/div>\n\t\t\t\t\t\t\t\t\t\t\t\t\t\t<div class=\"wd-nav-arrows wd-pos-sep wd-hover-1 wd-icon-1\">\n\t\t\t<div class=\"wd-btn-arrow wd-prev wd-disabled\">\n\t\t\t\t<div class=\"wd-arrow-inner\"><\/div>\n\t\t\t<\/div>\n\t\t\t<div class=\"wd-btn-arrow wd-next\">\n\t\t\t\t<div class=\"wd-arrow-inner\"><\/div>\n\t\t\t<\/div>\n\t\t<\/div>\n\t\t\t\t\t\t\n\t\t\t\t<\/div>\n\n\t\t\t\t\t\t<div class=\"wd-nav-pagin-wrap text-center wd-style-shape wd-hide-md-sm wd-hide-sm\">\n\t\t\t<ul class=\"wd-nav-pagin\"><\/ul>\n\t\t<\/div>\n\t\t\t\t\t\t\t\t\t\t\t<\/div>\n\t\t\t\t\t\t<\/div>\n\t\t\t\t<\/div>\n\t\t\t\t<\/div>\n\t\t\t\t<\/div>\n\t\t<div class=\"elementor-element elementor-element-d460333 e-con-full e-flex e-con e-child\" data-id=\"d460333\" data-element_type=\"container\" data-e-type=\"container\">\n\t\t<div class=\"elementor-element elementor-element-83e2435 e-con-full e-flex e-con e-child\" data-id=\"83e2435\" data-element_type=\"container\" data-e-type=\"container\">\n\t\t\t\t<div class=\"elementor-element elementor-element-c85e9f3 wd-width-100 elementor-widget elementor-widget-wd_images_gallery\" data-id=\"c85e9f3\" data-element_type=\"widget\" data-e-type=\"widget\" data-widget_type=\"wd_images_gallery.default\">\n\t\t\t\t<div class=\"elementor-widget-container\">\n\t\t\t\t\t\t\t<div class=\"wd-images-gallery wd-carousel-container\" style=\"--wd-align-items:center; --wd-justify-content:center;\">\n\t\t\t\t\t\t\t<div class=\"wd-carousel-inner\">\n\t\t\t\t\t\t<div class=\"wd-carousel wd-grid\" data-wrap=\"yes\" data-center_mode=\"yes\" style=\"--wd-col-lg:1;--wd-col-md:1;--wd-col-sm:1;--wd-gap-lg:10px;\">\n\t\t\t\t\t\t\t\t\t<div class=\"wd-carousel-wrap\">\n\t\t\t\t\t\t\t\t\t\t\t\t\t\t\t\t\t\t<div class=\"wd-gallery-item wd-carousel-item\">\n\t\t\t\t\t\t\t\t\t\t\t\t\t<a  href=\"https:\/\/www.tvrdjava-kulture.hr\/en\/barone-fortress\/plan-your-visit\/\" data-width=\"1440\" data-height=\"959\" data-index=\"0\" data-elementor-open-lightbox=\"no\" target=\"_blank\">\n\t\t\t\t\t\t\n\t\t\t\t\t\t<img loading=\"lazy\" decoding=\"async\" width=\"600\" height=\"450\" src=\"https:\/\/sibenikdancefestival.com\/wp-content\/uploads\/2025\/05\/Barone-1-600x450.jpg\" class=\"attachment-600x450 size-600x450\" alt=\"Barone 1\" \/>\n\t\t\t\t\t\t\t\t\t\t\t\t\t<\/a>\n\t\t\t\t\t\t\t\t\t\t\t<\/div>\n\t\t\t\t\t\t\t\t\t\t\t\t\t\t\t<div class=\"wd-gallery-item wd-carousel-item\">\n\t\t\t\t\t\t\t\t\t\t\t\t\t<a  href=\"https:\/\/www.tvrdjava-kulture.hr\/en\/barone-fortress\/plan-your-visit\/\" data-width=\"2048\" data-height=\"1365\" data-index=\"1\" data-elementor-open-lightbox=\"no\" target=\"_blank\">\n\t\t\t\t\t\t\n\t\t\t\t\t\t<img loading=\"lazy\" decoding=\"async\" width=\"600\" height=\"450\" src=\"https:\/\/sibenikdancefestival.com\/wp-content\/uploads\/2025\/05\/Barone-2-600x450.jpg\" class=\"attachment-600x450 size-600x450\" alt=\"Barone 2\" \/>\n\t\t\t\t\t\t\t\t\t\t\t\t\t<\/a>\n\t\t\t\t\t\t\t\t\t\t\t<\/div>\n\t\t\t\t\t\t\t\t\t\t\t\t\t\t\t<div class=\"wd-gallery-item wd-carousel-item\">\n\t\t\t\t\t\t\t\t\t\t\t\t\t<a  href=\"https:\/\/www.tvrdjava-kulture.hr\/en\/barone-fortress\/plan-your-visit\/\" data-width=\"2048\" data-height=\"1365\" data-index=\"2\" data-elementor-open-lightbox=\"no\" target=\"_blank\">\n\t\t\t\t\t\t\n\t\t\t\t\t\t<img loading=\"lazy\" decoding=\"async\" width=\"600\" height=\"450\" src=\"https:\/\/sibenikdancefestival.com\/wp-content\/uploads\/2025\/05\/Barone-3-600x450.jpg\" class=\"attachment-600x450 size-600x450\" alt=\"Barone 3\" \/>\n\t\t\t\t\t\t\t\t\t\t\t\t\t<\/a>\n\t\t\t\t\t\t\t\t\t\t\t<\/div>\n\t\t\t\t\t\t\t\t\t\t\t\t\t\t\t<div class=\"wd-gallery-item wd-carousel-item\">\n\t\t\t\t\t\t\t\t\t\t\t\t\t<a  data-width=\"1080\" data-height=\"1080\" data-index=\"3\" data-elementor-open-lightbox=\"no\" target=\"_blank\">\n\t\t\t\t\t\t\n\t\t\t\t\t\t<img loading=\"lazy\" decoding=\"async\" width=\"600\" height=\"450\" src=\"https:\/\/sibenikdancefestival.com\/wp-content\/uploads\/2025\/05\/4-1-600x450.png\" class=\"attachment-600x450 size-600x450\" alt=\"4\" \/>\n\t\t\t\t\t\t\t\t\t\t\t\t\t<\/a>\n\t\t\t\t\t\t\t\t\t\t\t<\/div>\n\t\t\t\t\t\t\t\t\t\t\t\t\t\t\t<div class=\"wd-gallery-item wd-carousel-item\">\n\t\t\t\t\t\t\t\t\t\t\t\t\t<a  data-width=\"1080\" data-height=\"1080\" data-index=\"4\" data-elementor-open-lightbox=\"no\" target=\"_blank\">\n\t\t\t\t\t\t\n\t\t\t\t\t\t<img loading=\"lazy\" decoding=\"async\" width=\"600\" height=\"450\" src=\"https:\/\/sibenikdancefestival.com\/wp-content\/uploads\/2025\/05\/1-1-600x450.png\" class=\"attachment-600x450 size-600x450\" alt=\"1\" \/>\n\t\t\t\t\t\t\t\t\t\t\t\t\t<\/a>\n\t\t\t\t\t\t\t\t\t\t\t<\/div>\n\t\t\t\t\t\t\t\t\t\t\t\t\t\t\t<div class=\"wd-gallery-item wd-carousel-item\">\n\t\t\t\t\t\t\t\t\t\t\t\t\t<a  data-width=\"1080\" data-height=\"1080\" data-index=\"5\" data-elementor-open-lightbox=\"no\" target=\"_blank\">\n\t\t\t\t\t\t\n\t\t\t\t\t\t<img loading=\"lazy\" decoding=\"async\" width=\"600\" height=\"450\" src=\"https:\/\/sibenikdancefestival.com\/wp-content\/uploads\/2025\/05\/2-2-600x450.png\" class=\"attachment-600x450 size-600x450\" alt=\"2\" \/>\n\t\t\t\t\t\t\t\t\t\t\t\t\t<\/a>\n\t\t\t\t\t\t\t\t\t\t\t<\/div>\n\t\t\t\t\t\t\t\t\t\t\t\t\t\t\t<div class=\"wd-gallery-item wd-carousel-item\">\n\t\t\t\t\t\t\t\t\t\t\t\t\t<a  data-width=\"1080\" data-height=\"1080\" data-index=\"6\" data-elementor-open-lightbox=\"no\" target=\"_blank\">\n\t\t\t\t\t\t\n\t\t\t\t\t\t<img loading=\"lazy\" decoding=\"async\" width=\"600\" height=\"450\" src=\"https:\/\/sibenikdancefestival.com\/wp-content\/uploads\/2025\/05\/3-3-600x450.png\" class=\"attachment-600x450 size-600x450\" alt=\"3\" \/>\n\t\t\t\t\t\t\t\t\t\t\t\t\t<\/a>\n\t\t\t\t\t\t\t\t\t\t\t<\/div>\n\t\t\t\t\t\t\t\t\t\t\t\t\t\t\t<div class=\"wd-gallery-item wd-carousel-item\">\n\t\t\t\t\t\t\t\t\t\t\t\t\t<a  data-width=\"1080\" data-height=\"1080\" data-index=\"7\" data-elementor-open-lightbox=\"no\" target=\"_blank\">\n\t\t\t\t\t\t\n\t\t\t\t\t\t<img loading=\"lazy\" decoding=\"async\" width=\"600\" height=\"450\" src=\"https:\/\/sibenikdancefestival.com\/wp-content\/uploads\/2025\/05\/5-1-600x450.png\" class=\"attachment-600x450 size-600x450\" alt=\"5\" \/>\n\t\t\t\t\t\t\t\t\t\t\t\t\t<\/a>\n\t\t\t\t\t\t\t\t\t\t\t<\/div>\n\t\t\t\t\t\t\t\t\t\t\t\t\t\t\t\t<\/div>\n\t\t\t\t\t\t\t\t<\/div>\n\t\t\t\t\t\t\t\t\t\t\t\t\t\t<div class=\"wd-nav-arrows wd-pos-sep wd-hover-1 wd-icon-1\">\n\t\t\t<div class=\"wd-btn-arrow wd-prev wd-disabled\">\n\t\t\t\t<div class=\"wd-arrow-inner\"><\/div>\n\t\t\t<\/div>\n\t\t\t<div class=\"wd-btn-arrow wd-next\">\n\t\t\t\t<div class=\"wd-arrow-inner\"><\/div>\n\t\t\t<\/div>\n\t\t<\/div>\n\t\t\t\t\t\t\n\t\t\t\t<\/div>\n\n\t\t\t\t\t\t<div class=\"wd-nav-pagin-wrap text-center wd-style-shape wd-hide-md-sm wd-hide-sm\">\n\t\t\t<ul class=\"wd-nav-pagin\"><\/ul>\n\t\t<\/div>\n\t\t\t\t\t\t\t\t\t\t\t<\/div>\n\t\t\t\t\t\t<\/div>\n\t\t\t\t<\/div>\n\t\t\t\t<\/div>\n\t\t<div class=\"elementor-element elementor-element-81b7239 e-con-full e-flex e-con e-child\" data-id=\"81b7239\" data-element_type=\"container\" data-e-type=\"container\">\n\t\t\t\t<div class=\"elementor-element elementor-element-f846bd6 wd-width-100 elementor-widget elementor-widget-wd_title\" data-id=\"f846bd6\" data-element_type=\"widget\" data-e-type=\"widget\" data-widget_type=\"wd_title.default\">\n\t\t\t\t<div class=\"elementor-widget-container\">\n\t\t\t\t\t\t\t<div class=\"title-wrapper wd-set-mb reset-last-child wd-title-color-default wd-title-style-default wd-title-size-extra-large text-left\">\n\n\t\t\t\n\t\t\t<div class=\"liner-continer\">\n\t\t\t\t<h4 class=\"woodmart-title-container title wd-fontsize-xxxl\">Tvr\u0111ava Barone<\/h4> \n\t\t\t\t\t\t\t<\/div>\n\n\t\t\t\t\t<\/div>\n\t\t\t\t\t\t<\/div>\n\t\t\t\t<\/div>\n\t\t\t\t<div class=\"elementor-element elementor-element-048d46f color-scheme-inherit text-left elementor-widget elementor-widget-text-editor\" data-id=\"048d46f\" data-element_type=\"widget\" data-e-type=\"widget\" data-widget_type=\"text-editor.default\">\n\t\t\t\t<div class=\"elementor-widget-container\">\n\t\t\t\t\t\t\t\t\t<p>Za intimniji ugo\u0111aj, Tvr\u0111ava Barone nudi oko 150 mjesta, stvaraju\u0107i osobnu vezu izme\u0111u izvo\u0111a\u010da i publike. Ova tvr\u0111ava iz 15. stolje\u0107a, bogata povije\u0161\u0107u, daje dubinu malim festivalskim projektima i suvremenim komadima.<\/p>\t\t\t\t\t\t\t\t<\/div>\n\t\t\t\t<\/div>\n\t\t\t\t<div class=\"elementor-element elementor-element-b7eed82 elementor-widget elementor-widget-wd_button\" data-id=\"b7eed82\" data-element_type=\"widget\" data-e-type=\"widget\" data-widget_type=\"wd_button.default\">\n\t\t\t\t<div class=\"elementor-widget-container\">\n\t\t\t\t\t\t\t<div class=\"wd-button-wrapper text-left\" >\n\t\t\t<a class=\"btn btn-style-default btn-shape-rectangle btn-size-default btn-icon-pos-right\"  href=\"https:\/\/www.tvrdjava-kulture.hr\/en\/barone-fortress\/plan-your-visit\/\" target=\"_blank\">\n\t\t\t\t<span class=\"wd-btn-text\" data-elementor-setting-key=\"text\">\n\t\t\t\t\tSaznaj vi\u0161e\t\t\t\t<\/span>\n\n\t\t\t\t\t\t\t<\/a>\n\t\t<\/div>\n\t\t\t\t\t\t<\/div>\n\t\t\t\t<\/div>\n\t\t\t\t<\/div>\n\t\t\t\t<\/div>\n\t\t<div class=\"elementor-element elementor-element-2e9213a e-con-full e-flex e-con e-child\" data-id=\"2e9213a\" data-element_type=\"container\" data-e-type=\"container\">\n\t\t<div class=\"elementor-element elementor-element-3df8262 e-con-full e-flex e-con e-child\" data-id=\"3df8262\" data-element_type=\"container\" data-e-type=\"container\">\n\t\t\t\t<div class=\"elementor-element elementor-element-5c9cc49 wd-width-100 elementor-widget elementor-widget-wd_title\" data-id=\"5c9cc49\" data-element_type=\"widget\" data-e-type=\"widget\" data-widget_type=\"wd_title.default\">\n\t\t\t\t<div class=\"elementor-widget-container\">\n\t\t\t\t\t\t\t<div class=\"title-wrapper wd-set-mb reset-last-child wd-title-color-default wd-title-style-default wd-title-size-extra-large text-left\">\n\n\t\t\t\n\t\t\t<div class=\"liner-continer\">\n\t\t\t\t<h4 class=\"woodmart-title-container title wd-fontsize-xxxl\">Azimut<\/h4> \n\t\t\t\t\t\t\t<\/div>\n\n\t\t\t\t\t<\/div>\n\t\t\t\t\t\t<\/div>\n\t\t\t\t<\/div>\n\t\t\t\t<div class=\"elementor-element elementor-element-e234110 color-scheme-inherit text-left elementor-widget elementor-widget-text-editor\" data-id=\"e234110\" data-element_type=\"widget\" data-e-type=\"widget\" data-widget_type=\"text-editor.default\">\n\t\t\t\t<div class=\"elementor-widget-container\">\n\t\t\t\t\t\t\t\t\t<p>Smje\u0161ten u povijesnim \u0160ibenskim Bunarima, Azimut je kulturno sredi\u0161te koje spaja alternativnu umjetnost i srednjovjekovni \u0161arm. Ovaj podzemni prostor ugo\u0161\u0107uje nastupe i instalacije, dodaju\u0107i festivalu jedinstvenu, avangardnu dimenziju.<\/p>\t\t\t\t\t\t\t\t<\/div>\n\t\t\t\t<\/div>\n\t\t\t\t<div class=\"elementor-element elementor-element-7e658ec elementor-widget elementor-widget-wd_button\" data-id=\"7e658ec\" data-element_type=\"widget\" data-e-type=\"widget\" data-widget_type=\"wd_button.default\">\n\t\t\t\t<div class=\"elementor-widget-container\">\n\t\t\t\t\t\t\t<div class=\"wd-button-wrapper text-left\" >\n\t\t\t<a class=\"btn btn-style-default btn-shape-rectangle btn-size-default btn-icon-pos-right\"  href=\"https:\/\/azimut.art\/\" target=\"_blank\">\n\t\t\t\t<span class=\"wd-btn-text\" data-elementor-setting-key=\"text\">\n\t\t\t\t\tSaznaj vi\u0161e\t\t\t\t<\/span>\n\n\t\t\t\t\t\t\t<\/a>\n\t\t<\/div>\n\t\t\t\t\t\t<\/div>\n\t\t\t\t<\/div>\n\t\t\t\t<\/div>\n\t\t<div class=\"elementor-element elementor-element-79f17e1 e-con-full e-flex e-con e-child\" data-id=\"79f17e1\" data-element_type=\"container\" data-e-type=\"container\">\n\t\t\t\t<div class=\"elementor-element elementor-element-ad13bff wd-width-100 elementor-widget elementor-widget-wd_images_gallery\" data-id=\"ad13bff\" data-element_type=\"widget\" data-e-type=\"widget\" data-widget_type=\"wd_images_gallery.default\">\n\t\t\t\t<div class=\"elementor-widget-container\">\n\t\t\t\t\t\t\t<div class=\"wd-images-gallery wd-carousel-container\" style=\"--wd-align-items:center; --wd-justify-content:center;\">\n\t\t\t\t\t\t\t<div class=\"wd-carousel-inner\">\n\t\t\t\t\t\t<div class=\"wd-carousel wd-grid\" data-wrap=\"yes\" data-center_mode=\"yes\" style=\"--wd-col-lg:1;--wd-col-md:1;--wd-col-sm:1;--wd-gap-lg:10px;\">\n\t\t\t\t\t\t\t\t\t<div class=\"wd-carousel-wrap\">\n\t\t\t\t\t\t\t\t\t\t\t\t\t\t\t\t\t\t<div class=\"wd-gallery-item wd-carousel-item\">\n\t\t\t\t\t\t\t\t\t\t\t\t\t<a  href=\"https:\/\/azimut.art\/\" data-width=\"800\" data-height=\"533\" data-index=\"0\" data-elementor-open-lightbox=\"no\" target=\"_blank\">\n\t\t\t\t\t\t\n\t\t\t\t\t\t<img loading=\"lazy\" decoding=\"async\" width=\"600\" height=\"450\" src=\"https:\/\/sibenikdancefestival.com\/wp-content\/uploads\/2025\/05\/poljana-azimut21-Copy-1-600x450.jpg\" class=\"attachment-600x450 size-600x450\" alt=\"poljana-azimut21-Copy-1\" \/>\n\t\t\t\t\t\t\t\t\t\t\t\t\t<\/a>\n\t\t\t\t\t\t\t\t\t\t\t<\/div>\n\t\t\t\t\t\t\t\t\t\t\t\t\t\t\t<div class=\"wd-gallery-item wd-carousel-item\">\n\t\t\t\t\t\t\t\t\t\t\t\t\t<a  href=\"https:\/\/azimut.art\/\" data-width=\"800\" data-height=\"533\" data-index=\"1\" data-elementor-open-lightbox=\"no\" target=\"_blank\">\n\t\t\t\t\t\t\n\t\t\t\t\t\t<img loading=\"lazy\" decoding=\"async\" width=\"600\" height=\"450\" src=\"https:\/\/sibenikdancefestival.com\/wp-content\/uploads\/2025\/05\/poljana-azimut25-Copy-1-600x450.jpg\" class=\"attachment-600x450 size-600x450\" alt=\"poljana-azimut25-Copy-1\" \/>\n\t\t\t\t\t\t\t\t\t\t\t\t\t<\/a>\n\t\t\t\t\t\t\t\t\t\t\t<\/div>\n\t\t\t\t\t\t\t\t\t\t\t\t\t\t\t<div class=\"wd-gallery-item wd-carousel-item\">\n\t\t\t\t\t\t\t\t\t\t\t\t\t<a  href=\"https:\/\/azimut.art\/\" data-width=\"800\" data-height=\"533\" data-index=\"2\" data-elementor-open-lightbox=\"no\" target=\"_blank\">\n\t\t\t\t\t\t\n\t\t\t\t\t\t<img loading=\"lazy\" decoding=\"async\" width=\"600\" height=\"450\" src=\"https:\/\/sibenikdancefestival.com\/wp-content\/uploads\/2025\/05\/poljana-azimut20-3-600x450.jpg\" class=\"attachment-600x450 size-600x450\" alt=\"poljana-azimut20-3\" \/>\n\t\t\t\t\t\t\t\t\t\t\t\t\t<\/a>\n\t\t\t\t\t\t\t\t\t\t\t<\/div>\n\t\t\t\t\t\t\t\t\t\t\t\t\t\t\t\t<\/div>\n\t\t\t\t\t\t\t\t<\/div>\n\t\t\t\t\t\t\t\t\t\t\t\t\t\t<div class=\"wd-nav-arrows wd-pos-sep wd-hover-1 wd-icon-1\">\n\t\t\t<div class=\"wd-btn-arrow wd-prev wd-disabled\">\n\t\t\t\t<div class=\"wd-arrow-inner\"><\/div>\n\t\t\t<\/div>\n\t\t\t<div class=\"wd-btn-arrow wd-next\">\n\t\t\t\t<div class=\"wd-arrow-inner\"><\/div>\n\t\t\t<\/div>\n\t\t<\/div>\n\t\t\t\t\t\t\n\t\t\t\t<\/div>\n\n\t\t\t\t\t\t<div class=\"wd-nav-pagin-wrap text-center wd-style-shape wd-hide-md-sm wd-hide-sm\">\n\t\t\t<ul class=\"wd-nav-pagin\"><\/ul>\n\t\t<\/div>\n\t\t\t\t\t\t\t\t\t\t\t<\/div>\n\t\t\t\t\t\t<\/div>\n\t\t\t\t<\/div>\n\t\t\t\t<\/div>\n\t\t\t\t<\/div>\n\t\t<div class=\"elementor-element elementor-element-b29b013 e-con-full e-flex e-con e-child\" data-id=\"b29b013\" data-element_type=\"container\" data-e-type=\"container\">\n\t\t<div class=\"elementor-element elementor-element-e884374 e-con-full e-flex e-con e-child\" data-id=\"e884374\" data-element_type=\"container\" data-e-type=\"container\">\n\t\t\t\t<div class=\"elementor-element elementor-element-312a3a4 wd-width-100 elementor-widget elementor-widget-wd_images_gallery\" data-id=\"312a3a4\" data-element_type=\"widget\" data-e-type=\"widget\" data-widget_type=\"wd_images_gallery.default\">\n\t\t\t\t<div class=\"elementor-widget-container\">\n\t\t\t\t\t\t\t<div class=\"wd-images-gallery wd-carousel-container\" style=\"--wd-align-items:center; --wd-justify-content:center;\">\n\t\t\t\t\t\t\t<div class=\"wd-carousel-inner\">\n\t\t\t\t\t\t<div class=\"wd-carousel wd-grid\" data-wrap=\"yes\" data-center_mode=\"yes\" style=\"--wd-col-lg:1;--wd-col-md:1;--wd-col-sm:1;--wd-gap-lg:10px;\">\n\t\t\t\t\t\t\t\t\t<div class=\"wd-carousel-wrap\">\n\t\t\t\t\t\t\t\t\t\t\t\t\t\t\t\t\t\t<div class=\"wd-gallery-item wd-carousel-item\">\n\t\t\t\t\t\t\t\t\t\t\t\t\t<a  href=\"https:\/\/kucaarsen.hr\/\" data-width=\"800\" data-height=\"534\" data-index=\"0\" data-elementor-open-lightbox=\"no\" target=\"_blank\">\n\t\t\t\t\t\t\n\t\t\t\t\t\t<img loading=\"lazy\" decoding=\"async\" width=\"600\" height=\"450\" src=\"https:\/\/sibenikdancefestival.com\/wp-content\/uploads\/2025\/05\/1473217-600x450.jpeg\" class=\"attachment-600x450 size-600x450\" alt=\"1473217\" \/>\n\t\t\t\t\t\t\t\t\t\t\t\t\t<\/a>\n\t\t\t\t\t\t\t\t\t\t\t<\/div>\n\t\t\t\t\t\t\t\t\t\t\t\t\t\t\t<div class=\"wd-gallery-item wd-carousel-item\">\n\t\t\t\t\t\t\t\t\t\t\t\t\t<a  href=\"https:\/\/kucaarsen.hr\/\" data-width=\"1600\" data-height=\"1067\" data-index=\"1\" data-elementor-open-lightbox=\"no\" target=\"_blank\">\n\t\t\t\t\t\t\n\t\t\t\t\t\t<img loading=\"lazy\" decoding=\"async\" width=\"600\" height=\"450\" src=\"https:\/\/sibenikdancefestival.com\/wp-content\/uploads\/2025\/05\/271725675_253639520212632_5312487465510489553_n-600x450.jpg\" class=\"attachment-600x450 size-600x450\" alt=\"271725675_253639520212632_5312487465510489553_n\" \/>\n\t\t\t\t\t\t\t\t\t\t\t\t\t<\/a>\n\t\t\t\t\t\t\t\t\t\t\t<\/div>\n\t\t\t\t\t\t\t\t\t\t\t\t\t\t\t\t<\/div>\n\t\t\t\t\t\t\t\t<\/div>\n\t\t\t\t\t\t\t\t\t\t\t\t\t\t<div class=\"wd-nav-arrows wd-pos-sep wd-hover-1 wd-icon-1\">\n\t\t\t<div class=\"wd-btn-arrow wd-prev wd-disabled\">\n\t\t\t\t<div class=\"wd-arrow-inner\"><\/div>\n\t\t\t<\/div>\n\t\t\t<div class=\"wd-btn-arrow wd-next\">\n\t\t\t\t<div class=\"wd-arrow-inner\"><\/div>\n\t\t\t<\/div>\n\t\t<\/div>\n\t\t\t\t\t\t\n\t\t\t\t<\/div>\n\n\t\t\t\t\t\t<div class=\"wd-nav-pagin-wrap text-center wd-style-shape wd-hide-md-sm wd-hide-sm\">\n\t\t\t<ul class=\"wd-nav-pagin\"><\/ul>\n\t\t<\/div>\n\t\t\t\t\t\t\t\t\t\t\t<\/div>\n\t\t\t\t\t\t<\/div>\n\t\t\t\t<\/div>\n\t\t\t\t<\/div>\n\t\t<div class=\"elementor-element elementor-element-b6ecde8 e-con-full e-flex e-con e-child\" data-id=\"b6ecde8\" data-element_type=\"container\" data-e-type=\"container\">\n\t\t\t\t<div class=\"elementor-element elementor-element-b110c76 wd-width-100 elementor-widget elementor-widget-wd_title\" data-id=\"b110c76\" data-element_type=\"widget\" data-e-type=\"widget\" data-widget_type=\"wd_title.default\">\n\t\t\t\t<div class=\"elementor-widget-container\">\n\t\t\t\t\t\t\t<div class=\"title-wrapper wd-set-mb reset-last-child wd-title-color-default wd-title-style-default wd-title-size-extra-large text-left\">\n\n\t\t\t\n\t\t\t<div class=\"liner-continer\">\n\t\t\t\t<h4 class=\"woodmart-title-container title wd-fontsize-xxxl\">Ku\u0107a Arsen<\/h4> \n\t\t\t\t\t\t\t<\/div>\n\n\t\t\t\t\t<\/div>\n\t\t\t\t\t\t<\/div>\n\t\t\t\t<\/div>\n\t\t\t\t<div class=\"elementor-element elementor-element-fb3fdbf color-scheme-inherit text-left elementor-widget elementor-widget-text-editor\" data-id=\"fb3fdbf\" data-element_type=\"widget\" data-e-type=\"widget\" data-widget_type=\"text-editor.default\">\n\t\t\t\t<div class=\"elementor-widget-container\">\n\t\t\t\t\t\t\t\t\t<p>Mjesto gdje se razvijaju i iz kojeg se \u0161ire razni oblici kulture, umjetnosti i kreativnog rada, otvoreno za \u0161ibensku kulturnu scenu i za sve umjetnike, kreativce iz zemlje i inozemstva. Za vrijeme \u0160DF-a, plesne trupe koje zbog tematike ili posebnih efekata zahtijevaju zatvoreni prostor nastupaju u Ku\u0107i Arsen. Ovdje se odr\u017eavaju i konferencije za novinare i panel rasprave.<\/p>\t\t\t\t\t\t\t\t<\/div>\n\t\t\t\t<\/div>\n\t\t\t\t<div class=\"elementor-element elementor-element-d65d889 elementor-widget elementor-widget-wd_button\" data-id=\"d65d889\" data-element_type=\"widget\" data-e-type=\"widget\" data-widget_type=\"wd_button.default\">\n\t\t\t\t<div class=\"elementor-widget-container\">\n\t\t\t\t\t\t\t<div class=\"wd-button-wrapper text-left\" >\n\t\t\t<a class=\"btn btn-style-default btn-shape-rectangle btn-size-default btn-icon-pos-right\"  href=\"https:\/\/kucaarsen.hr\/\" target=\"_blank\">\n\t\t\t\t<span class=\"wd-btn-text\" data-elementor-setting-key=\"text\">\n\t\t\t\t\tSaznaj vi\u0161e\t\t\t\t<\/span>\n\n\t\t\t\t\t\t\t<\/a>\n\t\t<\/div>\n\t\t\t\t\t\t<\/div>\n\t\t\t\t<\/div>\n\t\t\t\t<\/div>\n\t\t\t\t<\/div>\n\t\t<div class=\"elementor-element elementor-element-bbf86fa e-con-full e-flex e-con e-child\" data-id=\"bbf86fa\" data-element_type=\"container\" data-e-type=\"container\">\n\t\t<div class=\"elementor-element elementor-element-e2a1423 e-con-full e-flex e-con e-child\" data-id=\"e2a1423\" data-element_type=\"container\" data-e-type=\"container\">\n\t\t\t\t<div class=\"elementor-element elementor-element-3223213 wd-width-100 elementor-widget elementor-widget-wd_title\" data-id=\"3223213\" data-element_type=\"widget\" data-e-type=\"widget\" data-widget_type=\"wd_title.default\">\n\t\t\t\t<div class=\"elementor-widget-container\">\n\t\t\t\t\t\t\t<div class=\"title-wrapper wd-set-mb reset-last-child wd-title-color-default wd-title-style-default wd-title-size-extra-large text-left\">\n\n\t\t\t\n\t\t\t<div class=\"liner-continer\">\n\t\t\t\t<h4 class=\"woodmart-title-container title wd-fontsize-xxxl\">Muzej grada \u0160ibenika<\/h4> \n\t\t\t\t\t\t\t<\/div>\n\n\t\t\t\t\t<\/div>\n\t\t\t\t\t\t<\/div>\n\t\t\t\t<\/div>\n\t\t\t\t<div class=\"elementor-element elementor-element-086963b color-scheme-inherit text-left elementor-widget elementor-widget-text-editor\" data-id=\"086963b\" data-element_type=\"widget\" data-e-type=\"widget\" data-widget_type=\"text-editor.default\">\n\t\t\t\t<div class=\"elementor-widget-container\">\n\t\t\t\t\t\t\t\t\t<p>\u0160ibenski muzej osnovan je 1925. godine povodom 1000. obljetnice Hrvatskog Kraljevstva. Smje\u0161ten je u nekada\u0161njoj Kne\u017eevoj pala\u010di, tik uz katedralu. Zbog svoje jedinstvene veze s umjetno\u0161\u0107u, kulturom, arhitekturom i povije\u0161\u0107u svog grada, \u0160ibenski festival plesa donosi pa\u017eljivo odabrane plesne komade u Muzej grada \u0160ibenika.<\/p>\t\t\t\t\t\t\t\t<\/div>\n\t\t\t\t<\/div>\n\t\t\t\t<div class=\"elementor-element elementor-element-f9bcc02 elementor-widget elementor-widget-wd_button\" data-id=\"f9bcc02\" data-element_type=\"widget\" data-e-type=\"widget\" data-widget_type=\"wd_button.default\">\n\t\t\t\t<div class=\"elementor-widget-container\">\n\t\t\t\t\t\t\t<div class=\"wd-button-wrapper text-left\" >\n\t\t\t<a class=\"btn btn-style-default btn-shape-rectangle btn-size-default btn-icon-pos-right\"  href=\"https:\/\/muzej-sibenik.hr\/\" target=\"_blank\">\n\t\t\t\t<span class=\"wd-btn-text\" data-elementor-setting-key=\"text\">\n\t\t\t\t\tSaznaj vi\u0161e\t\t\t\t<\/span>\n\n\t\t\t\t\t\t\t<\/a>\n\t\t<\/div>\n\t\t\t\t\t\t<\/div>\n\t\t\t\t<\/div>\n\t\t\t\t<\/div>\n\t\t<div class=\"elementor-element elementor-element-b71e96e e-con-full e-flex e-con e-child\" data-id=\"b71e96e\" data-element_type=\"container\" data-e-type=\"container\">\n\t\t\t\t<div class=\"elementor-element elementor-element-48a2e88 wd-width-100 elementor-widget elementor-widget-wd_images_gallery\" data-id=\"48a2e88\" data-element_type=\"widget\" data-e-type=\"widget\" data-widget_type=\"wd_images_gallery.default\">\n\t\t\t\t<div class=\"elementor-widget-container\">\n\t\t\t\t\t\t\t<div class=\"wd-images-gallery wd-carousel-container\" style=\"--wd-align-items:center; --wd-justify-content:center;\">\n\t\t\t\t\t\t\t<div class=\"wd-carousel-inner\">\n\t\t\t\t\t\t<div class=\"wd-carousel wd-grid\" data-wrap=\"yes\" data-center_mode=\"yes\" style=\"--wd-col-lg:1;--wd-col-md:1;--wd-col-sm:1;--wd-gap-lg:10px;\">\n\t\t\t\t\t\t\t\t\t<div class=\"wd-carousel-wrap\">\n\t\t\t\t\t\t\t\t\t\t\t\t\t\t\t\t\t\t<div class=\"wd-gallery-item wd-carousel-item\">\n\t\t\t\t\t\t\t\t\t\t\t\t\t<a  href=\"https:\/\/muzej-sibenik.hr\/\" data-width=\"2560\" data-height=\"1920\" data-index=\"0\" data-elementor-open-lightbox=\"no\" target=\"_blank\">\n\t\t\t\t\t\t\n\t\t\t\t\t\t<img loading=\"lazy\" decoding=\"async\" width=\"600\" height=\"450\" src=\"https:\/\/sibenikdancefestival.com\/wp-content\/uploads\/2025\/05\/IMG-9668-1-scaled-600x450.jpg\" class=\"attachment-600x450 size-600x450\" alt=\"IMG-9668-1\" srcset=\"https:\/\/sibenikdancefestival.com\/wp-content\/uploads\/2025\/05\/IMG-9668-1-scaled-600x450.jpg 600w, https:\/\/sibenikdancefestival.com\/wp-content\/uploads\/2025\/05\/IMG-9668-1-300x225.jpg 300w, https:\/\/sibenikdancefestival.com\/wp-content\/uploads\/2025\/05\/IMG-9668-1-1024x768.jpg 1024w, https:\/\/sibenikdancefestival.com\/wp-content\/uploads\/2025\/05\/IMG-9668-1-768x576.jpg 768w, https:\/\/sibenikdancefestival.com\/wp-content\/uploads\/2025\/05\/IMG-9668-1-1536x1152.jpg 1536w, https:\/\/sibenikdancefestival.com\/wp-content\/uploads\/2025\/05\/IMG-9668-1-2048x1536.jpg 2048w\" sizes=\"(max-width: 600px) 100vw, 600px\" \/>\n\t\t\t\t\t\t\t\t\t\t\t\t\t<\/a>\n\t\t\t\t\t\t\t\t\t\t\t<\/div>\n\t\t\t\t\t\t\t\t\t\t\t\t\t\t\t<div class=\"wd-gallery-item wd-carousel-item\">\n\t\t\t\t\t\t\t\t\t\t\t\t\t<a  href=\"https:\/\/muzej-sibenik.hr\/\" data-width=\"1024\" data-height=\"768\" data-index=\"1\" data-elementor-open-lightbox=\"no\" target=\"_blank\">\n\t\t\t\t\t\t\n\t\t\t\t\t\t<img loading=\"lazy\" decoding=\"async\" width=\"600\" height=\"450\" src=\"https:\/\/sibenikdancefestival.com\/wp-content\/uploads\/2025\/05\/IMG-9660-1024x768-1-600x450.jpg\" class=\"attachment-600x450 size-600x450\" alt=\"IMG-9660-1024x768\" srcset=\"https:\/\/sibenikdancefestival.com\/wp-content\/uploads\/2025\/05\/IMG-9660-1024x768-1-600x450.jpg 600w, https:\/\/sibenikdancefestival.com\/wp-content\/uploads\/2025\/05\/IMG-9660-1024x768-1-300x225.jpg 300w, https:\/\/sibenikdancefestival.com\/wp-content\/uploads\/2025\/05\/IMG-9660-1024x768-1-768x576.jpg 768w, https:\/\/sibenikdancefestival.com\/wp-content\/uploads\/2025\/05\/IMG-9660-1024x768-1.jpg 1024w\" sizes=\"(max-width: 600px) 100vw, 600px\" \/>\n\t\t\t\t\t\t\t\t\t\t\t\t\t<\/a>\n\t\t\t\t\t\t\t\t\t\t\t<\/div>\n\t\t\t\t\t\t\t\t\t\t\t\t\t\t\t\t<\/div>\n\t\t\t\t\t\t\t\t<\/div>\n\t\t\t\t\t\t\t\t\t\t\t\t\t\t<div class=\"wd-nav-arrows wd-pos-sep wd-hover-1 wd-icon-1\">\n\t\t\t<div class=\"wd-btn-arrow wd-prev wd-disabled\">\n\t\t\t\t<div class=\"wd-arrow-inner\"><\/div>\n\t\t\t<\/div>\n\t\t\t<div class=\"wd-btn-arrow wd-next\">\n\t\t\t\t<div class=\"wd-arrow-inner\"><\/div>\n\t\t\t<\/div>\n\t\t<\/div>\n\t\t\t\t\t\t\n\t\t\t\t<\/div>\n\n\t\t\t\t\t\t<div class=\"wd-nav-pagin-wrap text-center wd-style-shape wd-hide-md-sm wd-hide-sm\">\n\t\t\t<ul class=\"wd-nav-pagin\"><\/ul>\n\t\t<\/div>\n\t\t\t\t\t\t\t\t\t\t\t<\/div>\n\t\t\t\t\t\t<\/div>\n\t\t\t\t<\/div>\n\t\t\t\t<\/div>\n\t\t\t\t<\/div>\n\t\t<div class=\"elementor-element elementor-element-372e0e6 e-con-full e-flex e-con e-child\" data-id=\"372e0e6\" data-element_type=\"container\" data-e-type=\"container\">\n\t\t<div class=\"elementor-element elementor-element-b93e5fd e-con-full e-flex e-con e-child\" data-id=\"b93e5fd\" data-element_type=\"container\" data-e-type=\"container\">\n\t\t\t\t<div class=\"elementor-element elementor-element-74f781f wd-width-100 elementor-widget elementor-widget-wd_images_gallery\" data-id=\"74f781f\" data-element_type=\"widget\" data-e-type=\"widget\" data-widget_type=\"wd_images_gallery.default\">\n\t\t\t\t<div class=\"elementor-widget-container\">\n\t\t\t\t\t\t\t<div class=\"wd-images-gallery wd-carousel-container\" style=\"--wd-align-items:center; --wd-justify-content:center;\">\n\t\t\t\t\t\t\t<div class=\"wd-carousel-inner\">\n\t\t\t\t\t\t<div class=\"wd-carousel wd-grid\" data-wrap=\"yes\" data-center_mode=\"yes\" style=\"--wd-col-lg:1;--wd-col-md:1;--wd-col-sm:1;--wd-gap-lg:10px;\">\n\t\t\t\t\t\t\t\t\t<div class=\"wd-carousel-wrap\">\n\t\t\t\t\t\t\t\t\t\t\t\t\t\t\t\t\t\t<div class=\"wd-gallery-item wd-carousel-item\">\n\t\t\t\t\t\t\t\t\t\t\t\t\t<a  href=\"#\" data-width=\"2560\" data-height=\"1920\" data-index=\"0\" data-elementor-open-lightbox=\"no\" target=\"_blank\">\n\t\t\t\t\t\t\n\t\t\t\t\t\t<img loading=\"lazy\" decoding=\"async\" width=\"600\" height=\"450\" src=\"https:\/\/sibenikdancefestival.com\/wp-content\/uploads\/2025\/05\/trg-scaled-600x450.jpg\" class=\"attachment-600x450 size-600x450\" alt=\"trg\" srcset=\"https:\/\/sibenikdancefestival.com\/wp-content\/uploads\/2025\/05\/trg-scaled-600x450.jpg 600w, https:\/\/sibenikdancefestival.com\/wp-content\/uploads\/2025\/05\/trg-300x225.jpg 300w, https:\/\/sibenikdancefestival.com\/wp-content\/uploads\/2025\/05\/trg-1024x768.jpg 1024w, https:\/\/sibenikdancefestival.com\/wp-content\/uploads\/2025\/05\/trg-768x576.jpg 768w, https:\/\/sibenikdancefestival.com\/wp-content\/uploads\/2025\/05\/trg-1536x1152.jpg 1536w, https:\/\/sibenikdancefestival.com\/wp-content\/uploads\/2025\/05\/trg-2048x1536.jpg 2048w\" sizes=\"(max-width: 600px) 100vw, 600px\" \/>\n\t\t\t\t\t\t\t\t\t\t\t\t\t<\/a>\n\t\t\t\t\t\t\t\t\t\t\t<\/div>\n\t\t\t\t\t\t\t\t\t\t\t\t\t\t\t<div class=\"wd-gallery-item wd-carousel-item\">\n\t\t\t\t\t\t\t\t\t\t\t\t\t<a  href=\"#\" data-width=\"1920\" data-height=\"2560\" data-index=\"1\" data-elementor-open-lightbox=\"no\" target=\"_blank\">\n\t\t\t\t\t\t\n\t\t\t\t\t\t<img loading=\"lazy\" decoding=\"async\" width=\"600\" height=\"450\" src=\"https:\/\/sibenikdancefestival.com\/wp-content\/uploads\/2025\/05\/cat-scaled-600x450.jpg\" class=\"attachment-600x450 size-600x450\" alt=\"cat\" \/>\n\t\t\t\t\t\t\t\t\t\t\t\t\t<\/a>\n\t\t\t\t\t\t\t\t\t\t\t<\/div>\n\t\t\t\t\t\t\t\t\t\t\t\t\t\t\t\t<\/div>\n\t\t\t\t\t\t\t\t<\/div>\n\t\t\t\t\t\t\t\t\t\t\t\t\t\t<div class=\"wd-nav-arrows wd-pos-sep wd-hover-1 wd-icon-1\">\n\t\t\t<div class=\"wd-btn-arrow wd-prev wd-disabled\">\n\t\t\t\t<div class=\"wd-arrow-inner\"><\/div>\n\t\t\t<\/div>\n\t\t\t<div class=\"wd-btn-arrow wd-next\">\n\t\t\t\t<div class=\"wd-arrow-inner\"><\/div>\n\t\t\t<\/div>\n\t\t<\/div>\n\t\t\t\t\t\t\n\t\t\t\t<\/div>\n\n\t\t\t\t\t\t<div class=\"wd-nav-pagin-wrap text-center wd-style-shape wd-hide-md-sm wd-hide-sm\">\n\t\t\t<ul class=\"wd-nav-pagin\"><\/ul>\n\t\t<\/div>\n\t\t\t\t\t\t\t\t\t\t\t<\/div>\n\t\t\t\t\t\t<\/div>\n\t\t\t\t<\/div>\n\t\t\t\t<\/div>\n\t\t<div class=\"elementor-element elementor-element-6ab64f4 e-con-full e-flex e-con e-child\" data-id=\"6ab64f4\" data-element_type=\"container\" data-e-type=\"container\">\n\t\t\t\t<div class=\"elementor-element elementor-element-786dc8c wd-width-100 elementor-widget elementor-widget-wd_title\" data-id=\"786dc8c\" data-element_type=\"widget\" data-e-type=\"widget\" data-widget_type=\"wd_title.default\">\n\t\t\t\t<div class=\"elementor-widget-container\">\n\t\t\t\t\t\t\t<div class=\"title-wrapper wd-set-mb reset-last-child wd-title-color-default wd-title-style-default wd-title-size-extra-large text-left\">\n\n\t\t\t\n\t\t\t<div class=\"liner-continer\">\n\t\t\t\t<h4 class=\"woodmart-title-container title wd-fontsize-xxxl\">Trg katedrale sv. Jakova<\/h4> \n\t\t\t\t\t\t\t<\/div>\n\n\t\t\t\t\t<\/div>\n\t\t\t\t\t\t<\/div>\n\t\t\t\t<\/div>\n\t\t\t\t<div class=\"elementor-element elementor-element-a6d2f56 color-scheme-inherit text-left elementor-widget elementor-widget-text-editor\" data-id=\"a6d2f56\" data-element_type=\"widget\" data-e-type=\"widget\" data-widget_type=\"text-editor.default\">\n\t\t\t\t<div class=\"elementor-widget-container\">\n\t\t\t\t\t\t\t\t\t<p>Trg ispred Katedrale sv. Jakova, UNESCO-ove ba\u0161tine, pru\u017ea veli\u010danstvenu pozadinu za nastupe plesa na otvorenom. Ova ikonska lokacija, gdje se povijest i umjetnost susre\u0107u, besplatno je dostupna svima, pozivaju\u0107i sve da se urone u ljepotu plesa.<\/p>\t\t\t\t\t\t\t\t<\/div>\n\t\t\t\t<\/div>\n\t\t\t\t<div class=\"elementor-element elementor-element-c1d58a3 elementor-widget elementor-widget-wd_button\" data-id=\"c1d58a3\" data-element_type=\"widget\" data-e-type=\"widget\" data-widget_type=\"wd_button.default\">\n\t\t\t\t<div class=\"elementor-widget-container\">\n\t\t\t\t\t\t\t<div class=\"wd-button-wrapper text-left\" >\n\t\t\t<a class=\"btn btn-style-default btn-shape-rectangle btn-size-default btn-icon-pos-right\"  href=\"#\" target=\"_blank\">\n\t\t\t\t<span class=\"wd-btn-text\" data-elementor-setting-key=\"text\">\n\t\t\t\t\tSaznaj vi\u0161e\t\t\t\t<\/span>\n\n\t\t\t\t\t\t\t<\/a>\n\t\t<\/div>\n\t\t\t\t\t\t<\/div>\n\t\t\t\t<\/div>\n\t\t\t\t<\/div>\n\t\t\t\t<\/div>\n\t\t<div class=\"elementor-element elementor-element-072a2d4 e-con-full e-flex e-con e-child\" data-id=\"072a2d4\" data-element_type=\"container\" data-e-type=\"container\">\n\t\t<div class=\"elementor-element elementor-element-1eb3fd7 e-con-full e-flex e-con e-child\" data-id=\"1eb3fd7\" data-element_type=\"container\" data-e-type=\"container\">\n\t\t\t\t<div class=\"elementor-element elementor-element-13f2f01 wd-width-100 elementor-widget elementor-widget-wd_title\" data-id=\"13f2f01\" data-element_type=\"widget\" data-e-type=\"widget\" data-widget_type=\"wd_title.default\">\n\t\t\t\t<div class=\"elementor-widget-container\">\n\t\t\t\t\t\t\t<div class=\"title-wrapper wd-set-mb reset-last-child wd-title-color-default wd-title-style-default wd-title-size-extra-large text-left\">\n\n\t\t\t\n\t\t\t<div class=\"liner-continer\">\n\t\t\t\t<h4 class=\"woodmart-title-container title wd-fontsize-xxxl\">Trg Poljana<\/h4> \n\t\t\t\t\t\t\t<\/div>\n\n\t\t\t\t\t<\/div>\n\t\t\t\t\t\t<\/div>\n\t\t\t\t<\/div>\n\t\t\t\t<div class=\"elementor-element elementor-element-d3922db color-scheme-inherit text-left elementor-widget elementor-widget-text-editor\" data-id=\"d3922db\" data-element_type=\"widget\" data-e-type=\"widget\" data-widget_type=\"text-editor.default\">\n\t\t\t\t<div class=\"elementor-widget-container\">\n\t\t\t\t\t\t\t\t\t<p>Nedavno obnovljeni Trg Poljana namijenjen je mladim plesa\u010dima i studentima. Smje\u0161ten u centru \u0160ibenika, njegov program na otvorenom prikazuje rastu\u0107e talente u \u017eivahnoj i dinami\u010dnoj atmosferi, besplatno za sve.<\/p>\t\t\t\t\t\t\t\t<\/div>\n\t\t\t\t<\/div>\n\t\t\t\t<div class=\"elementor-element elementor-element-398419f elementor-widget elementor-widget-wd_button\" data-id=\"398419f\" data-element_type=\"widget\" data-e-type=\"widget\" data-widget_type=\"wd_button.default\">\n\t\t\t\t<div class=\"elementor-widget-container\">\n\t\t\t\t\t\t\t<div class=\"wd-button-wrapper text-left\" >\n\t\t\t<a class=\"btn btn-style-default btn-shape-rectangle btn-size-default btn-icon-pos-right\"  href=\"#\" target=\"_blank\">\n\t\t\t\t<span class=\"wd-btn-text\" data-elementor-setting-key=\"text\">\n\t\t\t\t\tSaznaj vi\u0161e\t\t\t\t<\/span>\n\n\t\t\t\t\t\t\t<\/a>\n\t\t<\/div>\n\t\t\t\t\t\t<\/div>\n\t\t\t\t<\/div>\n\t\t\t\t<\/div>\n\t\t<div class=\"elementor-element elementor-element-a0b3d29 e-con-full e-flex e-con e-child\" data-id=\"a0b3d29\" data-element_type=\"container\" data-e-type=\"container\">\n\t\t\t\t<div class=\"elementor-element elementor-element-3748ff5 wd-width-100 elementor-widget elementor-widget-wd_images_gallery\" data-id=\"3748ff5\" data-element_type=\"widget\" data-e-type=\"widget\" data-widget_type=\"wd_images_gallery.default\">\n\t\t\t\t<div class=\"elementor-widget-container\">\n\t\t\t\t\t\t\t<div class=\"wd-images-gallery wd-carousel-container\" style=\"--wd-align-items:center; --wd-justify-content:center;\">\n\t\t\t\t\t\t\t<div class=\"wd-carousel-inner\">\n\t\t\t\t\t\t<div class=\"wd-carousel wd-grid\" data-wrap=\"yes\" data-center_mode=\"yes\" style=\"--wd-col-lg:1;--wd-col-md:1;--wd-col-sm:1;--wd-gap-lg:10px;\">\n\t\t\t\t\t\t\t\t\t<div class=\"wd-carousel-wrap\">\n\t\t\t\t\t\t\t\t\t\t\t\t\t\t\t\t\t\t<div class=\"wd-gallery-item wd-carousel-item\">\n\t\t\t\t\t\t\t\t\t\t\t\t\t<a  href=\"https:\/\/muzej-sibenik.hr\/\" data-width=\"1100\" data-height=\"824\" data-index=\"0\" data-elementor-open-lightbox=\"no\" target=\"_blank\">\n\t\t\t\t\t\t\n\t\t\t\t\t\t<img loading=\"lazy\" decoding=\"async\" width=\"600\" height=\"450\" src=\"https:\/\/sibenikdancefestival.com\/wp-content\/uploads\/2025\/05\/01-Ervin-Husedzinovic-600x450.jpg\" class=\"attachment-600x450 size-600x450\" alt=\"01-Ervin-Husedzinovic\" srcset=\"https:\/\/sibenikdancefestival.com\/wp-content\/uploads\/2025\/05\/01-Ervin-Husedzinovic-600x450.jpg 600w, https:\/\/sibenikdancefestival.com\/wp-content\/uploads\/2025\/05\/01-Ervin-Husedzinovic-300x225.jpg 300w, https:\/\/sibenikdancefestival.com\/wp-content\/uploads\/2025\/05\/01-Ervin-Husedzinovic-1024x767.jpg 1024w, https:\/\/sibenikdancefestival.com\/wp-content\/uploads\/2025\/05\/01-Ervin-Husedzinovic-768x575.jpg 768w, https:\/\/sibenikdancefestival.com\/wp-content\/uploads\/2025\/05\/01-Ervin-Husedzinovic.jpg 1100w\" sizes=\"(max-width: 600px) 100vw, 600px\" \/>\n\t\t\t\t\t\t\t\t\t\t\t\t\t<\/a>\n\t\t\t\t\t\t\t\t\t\t\t<\/div>\n\t\t\t\t\t\t\t\t\t\t\t\t\t\t\t<div class=\"wd-gallery-item wd-carousel-item\">\n\t\t\t\t\t\t\t\t\t\t\t\t\t<a  href=\"https:\/\/muzej-sibenik.hr\/\" data-width=\"1100\" data-height=\"824\" data-index=\"1\" data-elementor-open-lightbox=\"no\" target=\"_blank\">\n\t\t\t\t\t\t\n\t\t\t\t\t\t<img loading=\"lazy\" decoding=\"async\" width=\"600\" height=\"450\" src=\"https:\/\/sibenikdancefestival.com\/wp-content\/uploads\/2025\/05\/03-Ervin-Husedzinovic-600x450.jpg\" class=\"attachment-600x450 size-600x450\" alt=\"03-Ervin-Husedzinovic\" srcset=\"https:\/\/sibenikdancefestival.com\/wp-content\/uploads\/2025\/05\/03-Ervin-Husedzinovic-600x450.jpg 600w, https:\/\/sibenikdancefestival.com\/wp-content\/uploads\/2025\/05\/03-Ervin-Husedzinovic-300x225.jpg 300w, https:\/\/sibenikdancefestival.com\/wp-content\/uploads\/2025\/05\/03-Ervin-Husedzinovic-1024x767.jpg 1024w, https:\/\/sibenikdancefestival.com\/wp-content\/uploads\/2025\/05\/03-Ervin-Husedzinovic-768x575.jpg 768w, https:\/\/sibenikdancefestival.com\/wp-content\/uploads\/2025\/05\/03-Ervin-Husedzinovic.jpg 1100w\" sizes=\"(max-width: 600px) 100vw, 600px\" \/>\n\t\t\t\t\t\t\t\t\t\t\t\t\t<\/a>\n\t\t\t\t\t\t\t\t\t\t\t<\/div>\n\t\t\t\t\t\t\t\t\t\t\t\t\t\t\t\t<\/div>\n\t\t\t\t\t\t\t\t<\/div>\n\t\t\t\t\t\t\t\t\t\t\t\t\t\t<div class=\"wd-nav-arrows wd-pos-sep wd-hover-1 wd-icon-1\">\n\t\t\t<div class=\"wd-btn-arrow wd-prev wd-disabled\">\n\t\t\t\t<div class=\"wd-arrow-inner\"><\/div>\n\t\t\t<\/div>\n\t\t\t<div class=\"wd-btn-arrow wd-next\">\n\t\t\t\t<div class=\"wd-arrow-inner\"><\/div>\n\t\t\t<\/div>\n\t\t<\/div>\n\t\t\t\t\t\t\n\t\t\t\t<\/div>\n\n\t\t\t\t\t\t<div class=\"wd-nav-pagin-wrap text-center wd-style-shape wd-hide-md-sm wd-hide-sm\">\n\t\t\t<ul class=\"wd-nav-pagin\"><\/ul>\n\t\t<\/div>\n\t\t\t\t\t\t\t\t\t\t\t<\/div>\n\t\t\t\t\t\t<\/div>\n\t\t\t\t<\/div>\n\t\t\t\t<\/div>\n\t\t\t\t<\/div>\n\t\t\t\t\t<\/div>\n\t\t\t\t<\/div>\n\t\t\t\t<\/div>\n\t\t","protected":false},"excerpt":{"rendered":"<p>LOKACIJE \u0160ibenski festival plesa nudi izvanrednu mje\u0161avinu povijesnog \u0161arma i umjetni\u010dke inovacije, ugo\u0161\u0107uju\u0107i nastupe na nekim od najprepoznatljivijih i najjedninstvenijih<\/p>\n","protected":false},"author":1,"featured_media":0,"parent":0,"menu_order":0,"comment_status":"closed","ping_status":"closed","template":"","meta":{"footnotes":""},"class_list":["post-2886","page","type-page","status-publish","hentry"],"_links":{"self":[{"href":"https:\/\/sibenikdancefestival.com\/hr\/wp-json\/wp\/v2\/pages\/2886","targetHints":{"allow":["GET"]}}],"collection":[{"href":"https:\/\/sibenikdancefestival.com\/hr\/wp-json\/wp\/v2\/pages"}],"about":[{"href":"https:\/\/sibenikdancefestival.com\/hr\/wp-json\/wp\/v2\/types\/page"}],"author":[{"embeddable":true,"href":"https:\/\/sibenikdancefestival.com\/hr\/wp-json\/wp\/v2\/users\/1"}],"replies":[{"embeddable":true,"href":"https:\/\/sibenikdancefestival.com\/hr\/wp-json\/wp\/v2\/comments?post=2886"}],"version-history":[{"count":8,"href":"https:\/\/sibenikdancefestival.com\/hr\/wp-json\/wp\/v2\/pages\/2886\/revisions"}],"predecessor-version":[{"id":3125,"href":"https:\/\/sibenikdancefestival.com\/hr\/wp-json\/wp\/v2\/pages\/2886\/revisions\/3125"}],"wp:attachment":[{"href":"https:\/\/sibenikdancefestival.com\/hr\/wp-json\/wp\/v2\/media?parent=2886"}],"curies":[{"name":"wp","href":"https:\/\/api.w.org\/{rel}","templated":true}]}}